{"id":104,"date":"2014-12-03T22:22:20","date_gmt":"2014-12-03T21:22:20","guid":{"rendered":"https:\/\/www.ferien-am-brombachsee.com\/?post_type=portfolio&#038;p=104"},"modified":"2016-01-16T21:11:02","modified_gmt":"2016-01-16T20:11:02","slug":"nummer-3","status":"publish","type":"portfolio","link":"https:\/\/www.ferien-am-brombachsee.com\/?portfolio=nummer-3","title":{"rendered":"Regionale K\u00fcche"},"content":{"rendered":"<p><strong>Fr\u00e4nkische Spezialit\u00e4ten und Regionales genie\u00dfen<\/strong>.<\/p>\n<p>Unser gem\u00fctlich gestaltetes Restaurant am Brombachsee im Fr\u00e4nkischen Seenland l\u00e4dt Sie zu einer Verschnaufpause bei einem guten Glas fr\u00e4nkischen Silvaner und kulinarischen Schmankerln aus unserer frischen K\u00fcche ein. Genie\u00dfen Sie unserer Spezialit\u00e4ten aus dem Regionalbuffet, mit viel Liebe zubereitet und bekannt aus dem &#8222;Slow Food&#8220;-F\u00fchrer 2015 und 2016.<br \/>\nGenie\u00dfen Sie Ihren Urlaub in vollen Z\u00fcgen, indem Sie sich von uns rundum verw\u00f6hnen lassen. Gerne kochen wir f\u00fcr Sie auch nach Voranmeldung vegetarisch, vegan, laktose- und glutenfrei.<\/p>\n<p><a href=\"http:\/\/www.landgasthof-schaeferhof.de\/restaurant\/kulinarisches.html\" target=\"_blank\">Aktuelle Schmankerl &#8230;<\/a><\/p>\n","protected":false},"excerpt":{"rendered":"<p>Fr\u00e4nkische Spezialit\u00e4ten und Regionales genie\u00dfen. Unser gem\u00fctlich gestaltetes Restaurant am Brombachsee im Fr\u00e4nkischen Seenland l\u00e4dt Sie zu einer Verschnaufpause bei einem guten Glas fr\u00e4nkischen Silvaner und kulinarischen Schmankerln aus unserer frischen K\u00fcche ein. Genie\u00dfen Sie unserer Spezialit\u00e4ten aus dem Regionalbuffet, &hellip; <a href=\"https:\/\/www.ferien-am-brombachsee.com\/?portfolio=nummer-3\">Weiter<\/a><\/p>\n","protected":false},"author":1,"featured_media":131,"menu_order":0,"template":"","meta":[],"portfolio-type":[4],"class_list":["post-104","portfolio","type-portfolio","status-publish","has-post-thumbnail","hentry","portfolio-type-standart"],"aioseo_notices":[],"_links":{"self":[{"href":"https:\/\/www.ferien-am-brombachsee.com\/index.php?rest_route=\/wp\/v2\/portfolio\/104","targetHints":{"allow":["GET"]}}],"collection":[{"href":"https:\/\/www.ferien-am-brombachsee.com\/index.php?rest_route=\/wp\/v2\/portfolio"}],"about":[{"href":"https:\/\/www.ferien-am-brombachsee.com\/index.php?rest_route=\/wp\/v2\/types\/portfolio"}],"author":[{"embeddable":true,"href":"https:\/\/www.ferien-am-brombachsee.com\/index.php?rest_route=\/wp\/v2\/users\/1"}],"wp:featuredmedia":[{"embeddable":true,"href":"https:\/\/www.ferien-am-brombachsee.com\/index.php?rest_route=\/wp\/v2\/media\/131"}],"wp:attachment":[{"href":"https:\/\/www.ferien-am-brombachsee.com\/index.php?rest_route=%2Fwp%2Fv2%2Fmedia&parent=104"}],"wp:term":[{"taxonomy":"portfolio-type","embeddable":true,"href":"https:\/\/www.ferien-am-brombachsee.com\/index.php?rest_route=%2Fwp%2Fv2%2Fportfolio-type&post=104"}],"curies":[{"name":"wp","href":"https:\/\/api.w.org\/{rel}","templated":true}]}}